{"id":532,"date":"2022-07-11T15:08:32","date_gmt":"2022-07-11T15:08:32","guid":{"rendered":"https:\/\/www.reginacosta.net\/wp\/?page_id=532"},"modified":"2026-01-05T00:15:36","modified_gmt":"2026-01-05T00:15:36","slug":"regina-costa-exhibitions","status":"publish","type":"page","link":"https:\/\/www.reginacosta.net\/wp\/regina-costa-exhibitions\/","title":{"rendered":"Exhibitions"},"content":{"rendered":"\n<p>2025<br>Selected works\/Finalist at the <strong>XI Ibero-American Biennial of Graphic Art<\/strong>. (Members of Jury: Mar\u00eda Jes\u00fas \u00c1vila, Rosa Peralles, Julio Vazquez ). Palacio de la Isla, C\u00e1ceres, Spain.<br><strong>Larnaca Biennale \u2013 LB4<\/strong> &#8211; Curated by Sana Lopez Abellan. Larnaca, Cyprus<br><strong>50 Independentes<\/strong>. Curated by Carlos Cabral Nunes. Casa da Liberdade &#8211; M\u00e1rio Cesariny &amp; Perve Galeria. Lisboa, Portugal<br><br>2024<\/p>\n\n\n\n<p><strong>NA-INMENSO. La palabra en el arte<\/strong>. Fundaci\u00f3n Bancaja. Casa de Cultura Capell\u00e0 Pallar\u00e9s, Valencia, Spain<br><strong>Bucharest Biennale&nbsp;for Contemporary Art<\/strong> (BB11) &#8211; Curator: Daniel Rosca. Amzei Creative Corner, Bucharest. Romania<br>Selected works\/Finalist at the <strong>International Print Triennial \u2013 Krakow 2024<\/strong>. (Members of Jury: Enrique Chagoya, Grzegorz Ha\u0144derek, Tracy Hill, Jan Stefan Pettersson and Marta Anna Raczek-Karcz). Nowa Huta Cultural Centre, Krakow, Poland.<br><strong>NA-INMENSO. La palabra en el arte<\/strong>. La Casa de las Luces, Titaguas, MUVIM, Valencia, Spain.<\/p>\n\n\n\n<p>2023<\/p>\n\n\n\n<p>Selected works\/Finalist at the <strong>X Ibero-American Biennial of Graphic Art<\/strong>. (Members of Jury: Mar\u00eda Jes\u00fas \u00c1vila, Juan Bordes, Nuno Canelas, Ana Navarrete). Palacio de la Isla, C\u00e1ceres, Spain.<br><strong>International Mini Print Cantabria &#8211; VI Edition<\/strong>. Faro Cabo Mayor Art Center. Spain.<br><strong>11th International Printmaking Biennal of Douro<\/strong>. Espa\u00e7o Miguel Torga. Curated by Nuno Canelas. Portugal.<br><strong>Cruzar fronteiras: di\u00e1logo de cole\u00e7\u00f5es \/ Crossing borders: a dialogue between collections.<\/strong> Curated by Carlos Cabral Nunes. Perve &#8211; Ispa, Lisboa, Portugal.<\/p>\n\n\n\n<div class=\"wp-block-columns is-layout-flex wp-container-core-columns-is-layout-9d6595d7 wp-block-columns-is-layout-flex\">\n<div class=\"wp-block-column is-layout-flow wp-block-column-is-layout-flow\">\n<p>2020<br><strong>Sem Limites, Cem Artistas&#8221;<\/strong> (SOS Arte Pt). Galerias do F\u00f3rum da Maia. Maia, Portugal.<br><strong>Sem Limites, online<\/strong> (SOS Arte Pt), 2020:<strong><br><\/strong>Room 2 &#8211;<strong> <strong>&#8220;Passeios incertos no meu reino&#8221;<\/strong>. <\/strong>Curated by F\u00e1tima Lambert.<strong><br><\/strong>Room 3 &#8211;<strong> <strong>&#8220;The point across the line&#8221;<\/strong>. <\/strong>Curated by Margarida Sardinha.<strong><br><\/strong>Room 5 &#8211;<strong> <strong>&#8220;The Digit ditches the Darkness&#8221;<\/strong>. <\/strong>Curated by Regina Frank.<\/p>\n\n\n\n<p>2019 <br>Selected works\/Finalist at the <strong>VIII Ibero-American Biennial of Graphic Art<\/strong>. (Members of Jury: Isabel Elorrieta Garcia, Jos\u00e9 Mar\u00eda Luna, Mois\u00e9s Baz\u00e1n de Huerta, Rosa Perales Piqueres). Palacio de la Isla, C\u00e1ceres, Spain.<br><strong>MIRROR &#8211; Face to Face<\/strong>. Italian and Portuguese artists exhibition. Curated by Valeria Bertesina and Nuno Canelas. Villa Caldogno, Italy and Douro Museum, Portugal.<br><strong>Connecting to Portugal and to the Portuguese Speaking World<\/strong>. Curated by Carlos Cabral Nunes. TomTom Kirmizi, Istanbul and Gallery of Bilkent University, Ankara. Turkey.<\/p>\n\n\n\n<p>2018<br><strong>Biennale Internazionale Di Carta\/Papermade<\/strong>, 2018. Curated by Valeria Bertesina. Palazzo Fogazzaro, Schio, Vicenza, Italy.<\/p>\n\n\n\n<p>2017<br><strong>Conex\u00f5es Afro-Ibero-Americanas 2.01<\/strong>. Curated by Carlos Cabral Nunes. UCCLA, Lisboa, Portugal.<br><strong>3nd Global Print<\/strong>. Curated by Nuno Canelas. Douro Museum, Portugal.<br>Selected works\/Finalist at the <strong>VII Ibero-American Biennial of Graphic Art<\/strong>. (Members of Jury: Rosario Sarmiento Escalona, Jos\u00e9 Mar\u00eda Luna, Juan Mart\u00ednez Moro, Rosa Perales Piqueres). Palacio de la Isla, C\u00e1ceres, Spain.<\/p>\n\n\n\n<p>2016<br>Selected works\/Finalist at the <strong>International Print Triennial Krakow-Falun 2016-2017<\/strong>. (Members of Jury: Modhir Ahmed, Anne Sepp\u00e4nen). Dalarnas Museum, Falun. Sweden.<br><strong>8th International Printmaking Biennal of Douro<\/strong>. Curated by Nuno Canelas. Portugal.<\/p>\n\n\n\n<p>2015<br>Selected works\/Finalist at the <strong>International Print Triennial \u2013 Krakow 2015<\/strong>.&nbsp; Bunkier Sztuki, Krakow, Poland.<br><strong>Resist\u00eancia e Liberdade &#8211; Independ\u00eancias na Arte das Lusofonias<\/strong>. Curated by Carlos Cabral Nunes. Pal\u00e1cio da Independ\u00eancia, Lisboa, Portugal.<br><strong>2nd Global Print<\/strong>. Curated by Nuno Canelas. Museum of Art and Archaeology of the C\u00f4a Valley, Portugal.<br>Selected works\/Finalist at the <strong>VI Ibero-American Biennial of Graphic Art<\/strong>. (Members of Jury: Jos\u00e9 Ram\u00f3n Alcal\u00e1 Mellado, Jos\u00e9 Mar\u00eda Luna, Elena Jim\u00e9nez Moreno, Rosa Perales Piqueres). Palacio de la Isla, C\u00e1ceres, Spain.<\/p>\n\n\n\n<p>2014<br><strong>3rd Biennial of Bahia<\/strong>, Brazil. Imaginary Museum of Northeast | Department of Post Racialism | Section: Africa. Curated by Ayrson Heraclito. Hansen Bahia Foundation, Bahia, Brazil. <br><strong>7th International Printmaking Biennial of Douro<\/strong>. Curated by Nuno Canelas. Portugal. <br><strong>(Con)Tributos da Liberdade a Joan Mir\u00f3<\/strong>. Curated by Carlos Cabral Nunes. Perve Gallery. Alfama, Lisboa.<\/p>\n\n\n\n<p>2013 <br>Selected works\/Finalist at the <strong>International Print Triennial &#8211; Istanbu<\/strong>l. Organizer\/coordinator: Yal\u00e7\u0131n Karaya\u011f\u0131z,  Caner Caravit. Tophane -i Amire Culture &amp; Art Center, Istanbul, Turkey. <br><strong>Global Print<\/strong>. Curated by Nuno Canelas. Lamego Museum. Lamego, Portugal. <br>Selected works\/Finalist at the <strong>V Ibero-American Biennial of Graphic Art<\/strong>. (Members of Jury: Javier Blas Benito, Jos\u00e9 Mar\u00eda Luna, Ana Soler, Rosa Perales Piqueres) Palacio de la Isla, C\u00e1ceres, Spain. <br>Selected works\/Finalist at the <strong>in.print.out &#8211; Grafik in\/auswending <\/strong>&#8211; International Print Triennial Krakow &#8211; Vienna.  Idea, concept by Wojtek Krzywoblocki, Georg Lebzelter. Kunstlerhaus, Vienna, Austria. <\/p>\n\n\n\n<p>2012<br>Selected works\/Finalist at the <strong>1st International Contemporary Engraving Festival<\/strong>. <br><strong>FIG BILBAO<\/strong> (Members of Jury: Gabriella Locci, Enk de Kramer, Javier Blas, Marta Raczek, Javier Viar, Ugo Collu). Bilbao. Spain.<br>Selected works\/Finalist at the <strong>Where is printmaking? In search of new meanings<\/strong>. International Print Triennial &#8211; Krakow. Curated by Aleksandra Janik. The Contemporary Art Gallery, Opole, Poland.<br><strong>6th International Printmaking Biennial of Douro<\/strong>, 2012. Curated by Nuno Canelas. Portugal.<\/p>\n\n\n\n<p>2011<br>Selected works\/Finalist at the <strong>16th Biennial of Cerveira<\/strong>. Portugal. <br>Selected works\/Finalist at the <strong>IV Ibero-American Biennial of Graphic Art<\/strong>. (Members of Jury: Jos\u00e9 Mar\u00eda Luna, Jos\u00e9 Ram\u00f3n Alcal\u00e1 Mellado, Julio Le\u00f3n, Pilar Gonz\u00e1lez Lafita, Rosa Perales Piqueres) Palacio de la Isla, C\u00e1ceres, Spain.<\/p>\n\n\n\n<p>2010<br><strong>4th International Experimental Engraving Biennial (IEEB4)<\/strong>. Curated by Marta Raczec. Centrul Cultural \u201cPalatele Brancovenesti, Bucure\u015fti, Romania.<br><strong>5th International Printmaking Biennial of Douro<\/strong>. Curated by Nuno Canelas. Portugal.<br>Selected works\/Finalist at the <strong>Multiple Matters, Print Concepts<\/strong>. <strong>International Print Triennial  Vienna &#8211; Krakow<\/strong>. Idea, concept by Wojtek Krzywoblocki, Georg Lebzelter.Kunstlerhaus, Vienna, Austria.<br>Selected works\/Finalist at the <strong>Grafik Ohne Grenzen<\/strong>. <strong>International Print Triennial  Oldenburg &#8211; Krakow<\/strong>. (Members of Jury: Jutta Moster-Hoos, Friederich Scheele, Sabine Isensee, J\u00fcrgen Weichardt Reins). Horst-Janssen Museum, Oldenburg, Germany.<\/p>\n\n\n\n<p>2009<br>Selected works\/Finalist at the <strong>International Print Triennial &#8211; Krak\u00f3w<\/strong>. Bunkier Sztuki, Krakow, Poland.<\/p>\n\n\n\n<p>2008<br><strong>Maiden Voyage. X International Biennial, Symposium &amp; Festival do CIMA<\/strong>. Group exhibition, Galeria Sete, Coimbra, Portugal.<\/p>\n\n\n\n<hr class=\"wp-block-separator has-alpha-channel-opacity\"\/>\n\n\n\n<p>Selected works &#8211; Premio Extraordin\u00e1rio DONART de Dibujo, 1994. Casa Elizalde. Barcelona, Spain.<br>Selected works &#8211; Premio DONART, 1993. Casa Elizalde. Barcelona, Spain.<br>Regina Costa, solo exhibition, 1992 Galeria \u00c1rvore (Cooperativa de Actividades Art\u00edsticas), Porto, Portugal.<br>Exposici\u00f3 de Pintures i Escultures d\u2019Artistes Sitgetans Actuals, 1992. Palau Maricel. Sitges, Barcelona, Spain.<br>Ser de Pedra, Ser no Movimento \u00c2ngulo Agudo com a Terra, solo exhibition, 1991, Pa\u00e7o dos Duques de Bragan\u00e7a, Guimar\u00e3es, Portugal.<br>Subst\u00e2ncia, 1991. Group exhibition, Galeria Acbeu. Salvador, Bahia. Brazil.<br>Regina Costa, solo exhibition, 1990. Aquarela, Paris, France.<br>Regina Costa, solo exhibition, 1990. Galeria J.F., Cascais, Portugal.<br>Originais das capas da Revista EXU &#8211; Funda\u00e7\u00e3o Casa de Jorge Amado, 1990. Galeria&nbsp; NR. Salvador. Bahia, Brazil.<br>Trempe, three-person exhibition, 1990.&nbsp; Galeria Cultarte, Aracaju, Sergipe, Brazil.<br>Subst\u00e2ncia, group exhibition, 1990. Casa do Artista. Ilh\u00e9us. Bahia, Brazil.<br>Gravuras, group exhibition, 1989. Galeria Canizares.&nbsp; Salvador. Bahia, Brazil.<br>Em Aberto, group exhibition, 1989. Galeria Aquarela. Salvador. Bahia, Brazil.<br>Seis Artistas, group exhibition, 1988. Galeria Aquarela. Salvador. Bahia, Brazil.<br>Influ\u00eancia da Cultura Africana nas Artes Visuais, 1988. NCA (National Conference of Artists &#8211; USA), Museu de Arte Moderna. Salvador. Bahia, Brazil.<br>Projecto Ver\u00e3o&#8221;, group exhibition, 1988. Museu de Arte Moderna. Salvador. Bahia, Brazil.<br>Ziguezague Multicor, four-person exhibition, 1987. Galeria Multiplus. Salvador. Bahia, Brazil<br>Projecto Ver\u00e3o, 1987. Museu de Arte Moderna. Salvador. Bahia, Brazil.<br>Paix\u00e3o e F\u00e9, Pincel Amolado, two-person exhibition,1987. Funda\u00e7\u00e3o de Arte de Ouro Preto. Minas Gerais, Brazil.<br>Canteiro de Obras, three-person intervention, 1986. Espa\u00e7o Cultural Ad Libitum. Salvador. Bahia, Brazil.<br>XXXIX Sal\u00e3o de Artes Pl\u00e1sticas de Pernambuco, 1986. Museu do Estado. Recife, Pernambuco, Brazil.<br>I Sal\u00e3o Metanor\/Copenor de Artes Visuais, 1986. Museu de Arte da Bahia. Salvador, Bahia, Brazil.<br>Mostra Baiana de Artes Pl\u00e1sticas, 1986. Foyer do Teatro Castro Alves. Salvador, Bahia, Brazil.<br>Ploft!, group exhibition, 1985. Museu de Arte da Bahia. Salvador, Bahia, Brazil.<\/p>\n\n\n\n<p>COLLECTIONS<br>Casa Falconieri &#8211; F.I.G. Festival, Casa da Liberdade &#8211; M\u00e1rio Cesariny\/Perve Galery, Lisbon, Bienal de Gravura do Douro, Portugal, Casa de Jorge Amado Foundation, Salvador, Bahia, Brazil, Junta de Freguesia de Cascais, Cascais, Portugal.<br>Works held in private collections.<\/p>\n<\/div>\n<\/div>\n","protected":false},"excerpt":{"rendered":"<p>2025Selected works\/Finalist at the XI Ibero-American Biennial of Graphic Art. (Members of Jury: Mar\u00eda Jes\u00fas \u00c1vila, Rosa Peralles, Julio Vazquez ). Palacio de la Isla, C\u00e1ceres, Spain.Larnaca Biennale \u2013 LB4 &#8211; Curated by Sana Lopez Abellan. Larnaca, Cyprus50 Independentes. Curated by Carlos Cabral Nunes. Casa da Liberdade &#8211; M\u00e1rio Cesariny &amp; Perve Galeria. Lisboa, Portugal &hellip; <\/p>\n<p class=\"link-more\"><a href=\"https:\/\/www.reginacosta.net\/wp\/regina-costa-exhibitions\/\" class=\"more-link\">Continue reading<span class=\"screen-reader-text\"> &#8220;Exhibitions&#8221;<\/span><\/a><\/p>\n","protected":false},"author":1,"featured_media":0,"parent":0,"menu_order":0,"comment_status":"closed","ping_status":"closed","template":"","meta":{"footnotes":""},"class_list":["post-532","page","type-page","status-publish","hentry","even"],"yoast_head":"<!-- This site is optimized with the Yoast SEO plugin v27.5 - https:\/\/yoast.com\/product\/yoast-seo-wordpress\/ -->\n<title>Exhibitions - Regina Costa<\/title>\n<meta name=\"description\" content=\"Regina Costa Exhibitions\" \/>\n<meta name=\"robots\" content=\"index, follow, max-snippet:-1, max-image-preview:large, max-video-preview:-1\" \/>\n<link rel=\"canonical\" href=\"https:\/\/www.reginacosta.net\/wp\/regina-costa-exhibitions\/\" \/>\n<meta property=\"og:locale\" content=\"pt_PT\" \/>\n<meta property=\"og:type\" content=\"article\" \/>\n<meta property=\"og:title\" content=\"Exhibitions - Regina Costa\" \/>\n<meta property=\"og:description\" content=\"Regina Costa Exhibitions\" \/>\n<meta property=\"og:url\" content=\"https:\/\/www.reginacosta.net\/wp\/regina-costa-exhibitions\/\" \/>\n<meta property=\"og:site_name\" content=\"Regina Costa\" \/>\n<meta property=\"article:modified_time\" content=\"2026-01-05T00:15:36+00:00\" \/>\n<meta name=\"twitter:card\" content=\"summary_large_image\" \/>\n<meta name=\"twitter:label1\" content=\"Tempo estimado de leitura\" \/>\n\t<meta name=\"twitter:data1\" content=\"5 minutos\" \/>\n<script type=\"application\/ld+json\" class=\"yoast-schema-graph\">{\"@context\":\"https:\\\/\\\/schema.org\",\"@graph\":[{\"@type\":\"WebPage\",\"@id\":\"https:\\\/\\\/www.reginacosta.net\\\/wp\\\/regina-costa-exhibitions\\\/\",\"url\":\"https:\\\/\\\/www.reginacosta.net\\\/wp\\\/regina-costa-exhibitions\\\/\",\"name\":\"Exhibitions - Regina Costa\",\"isPartOf\":{\"@id\":\"https:\\\/\\\/www.reginacosta.net\\\/wp\\\/#website\"},\"datePublished\":\"2022-07-11T15:08:32+00:00\",\"dateModified\":\"2026-01-05T00:15:36+00:00\",\"description\":\"Regina Costa Exhibitions\",\"breadcrumb\":{\"@id\":\"https:\\\/\\\/www.reginacosta.net\\\/wp\\\/regina-costa-exhibitions\\\/#breadcrumb\"},\"inLanguage\":\"pt-PT\",\"potentialAction\":[{\"@type\":\"ReadAction\",\"target\":[\"https:\\\/\\\/www.reginacosta.net\\\/wp\\\/regina-costa-exhibitions\\\/\"]}]},{\"@type\":\"BreadcrumbList\",\"@id\":\"https:\\\/\\\/www.reginacosta.net\\\/wp\\\/regina-costa-exhibitions\\\/#breadcrumb\",\"itemListElement\":[{\"@type\":\"ListItem\",\"position\":1,\"name\":\"In\u00edcio\",\"item\":\"https:\\\/\\\/www.reginacosta.net\\\/wp\\\/\"},{\"@type\":\"ListItem\",\"position\":2,\"name\":\"Exhibitions\"}]},{\"@type\":\"WebSite\",\"@id\":\"https:\\\/\\\/www.reginacosta.net\\\/wp\\\/#website\",\"url\":\"https:\\\/\\\/www.reginacosta.net\\\/wp\\\/\",\"name\":\"Regina Costa\",\"description\":\"Visual artist\",\"publisher\":{\"@id\":\"https:\\\/\\\/www.reginacosta.net\\\/wp\\\/#\\\/schema\\\/person\\\/1f9d2623eb595cb888859b192fbd2a15\"},\"potentialAction\":[{\"@type\":\"SearchAction\",\"target\":{\"@type\":\"EntryPoint\",\"urlTemplate\":\"https:\\\/\\\/www.reginacosta.net\\\/wp\\\/?s={search_term_string}\"},\"query-input\":{\"@type\":\"PropertyValueSpecification\",\"valueRequired\":true,\"valueName\":\"search_term_string\"}}],\"inLanguage\":\"pt-PT\"},{\"@type\":[\"Person\",\"Organization\"],\"@id\":\"https:\\\/\\\/www.reginacosta.net\\\/wp\\\/#\\\/schema\\\/person\\\/1f9d2623eb595cb888859b192fbd2a15\",\"name\":\"admin\",\"image\":{\"@type\":\"ImageObject\",\"inLanguage\":\"pt-PT\",\"@id\":\"https:\\\/\\\/secure.gravatar.com\\\/avatar\\\/6fd9084e779ff83eacacf4d14ceea0cc0bd7db61b848dd423c486e00d1363851?s=96&d=mm&r=g\",\"url\":\"https:\\\/\\\/secure.gravatar.com\\\/avatar\\\/6fd9084e779ff83eacacf4d14ceea0cc0bd7db61b848dd423c486e00d1363851?s=96&d=mm&r=g\",\"contentUrl\":\"https:\\\/\\\/secure.gravatar.com\\\/avatar\\\/6fd9084e779ff83eacacf4d14ceea0cc0bd7db61b848dd423c486e00d1363851?s=96&d=mm&r=g\",\"caption\":\"admin\"},\"logo\":{\"@id\":\"https:\\\/\\\/secure.gravatar.com\\\/avatar\\\/6fd9084e779ff83eacacf4d14ceea0cc0bd7db61b848dd423c486e00d1363851?s=96&d=mm&r=g\"},\"sameAs\":[\"https:\\\/\\\/reginacosta.net\\\/wp\"]}]}<\/script>\n<!-- \/ Yoast SEO plugin. -->","yoast_head_json":{"title":"Exhibitions - Regina Costa","description":"Regina Costa Exhibitions","robots":{"index":"index","follow":"follow","max-snippet":"max-snippet:-1","max-image-preview":"max-image-preview:large","max-video-preview":"max-video-preview:-1"},"canonical":"https:\/\/www.reginacosta.net\/wp\/regina-costa-exhibitions\/","og_locale":"pt_PT","og_type":"article","og_title":"Exhibitions - Regina Costa","og_description":"Regina Costa Exhibitions","og_url":"https:\/\/www.reginacosta.net\/wp\/regina-costa-exhibitions\/","og_site_name":"Regina Costa","article_modified_time":"2026-01-05T00:15:36+00:00","twitter_card":"summary_large_image","twitter_misc":{"Tempo estimado de leitura":"5 minutos"},"schema":{"@context":"https:\/\/schema.org","@graph":[{"@type":"WebPage","@id":"https:\/\/www.reginacosta.net\/wp\/regina-costa-exhibitions\/","url":"https:\/\/www.reginacosta.net\/wp\/regina-costa-exhibitions\/","name":"Exhibitions - Regina Costa","isPartOf":{"@id":"https:\/\/www.reginacosta.net\/wp\/#website"},"datePublished":"2022-07-11T15:08:32+00:00","dateModified":"2026-01-05T00:15:36+00:00","description":"Regina Costa Exhibitions","breadcrumb":{"@id":"https:\/\/www.reginacosta.net\/wp\/regina-costa-exhibitions\/#breadcrumb"},"inLanguage":"pt-PT","potentialAction":[{"@type":"ReadAction","target":["https:\/\/www.reginacosta.net\/wp\/regina-costa-exhibitions\/"]}]},{"@type":"BreadcrumbList","@id":"https:\/\/www.reginacosta.net\/wp\/regina-costa-exhibitions\/#breadcrumb","itemListElement":[{"@type":"ListItem","position":1,"name":"In\u00edcio","item":"https:\/\/www.reginacosta.net\/wp\/"},{"@type":"ListItem","position":2,"name":"Exhibitions"}]},{"@type":"WebSite","@id":"https:\/\/www.reginacosta.net\/wp\/#website","url":"https:\/\/www.reginacosta.net\/wp\/","name":"Regina Costa","description":"Visual artist","publisher":{"@id":"https:\/\/www.reginacosta.net\/wp\/#\/schema\/person\/1f9d2623eb595cb888859b192fbd2a15"},"potentialAction":[{"@type":"SearchAction","target":{"@type":"EntryPoint","urlTemplate":"https:\/\/www.reginacosta.net\/wp\/?s={search_term_string}"},"query-input":{"@type":"PropertyValueSpecification","valueRequired":true,"valueName":"search_term_string"}}],"inLanguage":"pt-PT"},{"@type":["Person","Organization"],"@id":"https:\/\/www.reginacosta.net\/wp\/#\/schema\/person\/1f9d2623eb595cb888859b192fbd2a15","name":"admin","image":{"@type":"ImageObject","inLanguage":"pt-PT","@id":"https:\/\/secure.gravatar.com\/avatar\/6fd9084e779ff83eacacf4d14ceea0cc0bd7db61b848dd423c486e00d1363851?s=96&d=mm&r=g","url":"https:\/\/secure.gravatar.com\/avatar\/6fd9084e779ff83eacacf4d14ceea0cc0bd7db61b848dd423c486e00d1363851?s=96&d=mm&r=g","contentUrl":"https:\/\/secure.gravatar.com\/avatar\/6fd9084e779ff83eacacf4d14ceea0cc0bd7db61b848dd423c486e00d1363851?s=96&d=mm&r=g","caption":"admin"},"logo":{"@id":"https:\/\/secure.gravatar.com\/avatar\/6fd9084e779ff83eacacf4d14ceea0cc0bd7db61b848dd423c486e00d1363851?s=96&d=mm&r=g"},"sameAs":["https:\/\/reginacosta.net\/wp"]}]}},"_links":{"self":[{"href":"https:\/\/www.reginacosta.net\/wp\/wp-json\/wp\/v2\/pages\/532","targetHints":{"allow":["GET"]}}],"collection":[{"href":"https:\/\/www.reginacosta.net\/wp\/wp-json\/wp\/v2\/pages"}],"about":[{"href":"https:\/\/www.reginacosta.net\/wp\/wp-json\/wp\/v2\/types\/page"}],"author":[{"embeddable":true,"href":"https:\/\/www.reginacosta.net\/wp\/wp-json\/wp\/v2\/users\/1"}],"replies":[{"embeddable":true,"href":"https:\/\/www.reginacosta.net\/wp\/wp-json\/wp\/v2\/comments?post=532"}],"version-history":[{"count":46,"href":"https:\/\/www.reginacosta.net\/wp\/wp-json\/wp\/v2\/pages\/532\/revisions"}],"predecessor-version":[{"id":2063,"href":"https:\/\/www.reginacosta.net\/wp\/wp-json\/wp\/v2\/pages\/532\/revisions\/2063"}],"wp:attachment":[{"href":"https:\/\/www.reginacosta.net\/wp\/wp-json\/wp\/v2\/media?parent=532"}],"curies":[{"name":"wp","href":"https:\/\/api.w.org\/{rel}","templated":true}]}}